{"id":509,"date":"2022-10-10T17:13:37","date_gmt":"2022-10-10T17:13:37","guid":{"rendered":"https:\/\/www.vanconsulting.ch\/?page_id=509"},"modified":"2024-05-27T15:36:21","modified_gmt":"2024-05-27T15:36:21","slug":"blog","status":"publish","type":"page","link":"https:\/\/www.vanconsulting.ch\/fr\/blog\/","title":{"rendered":"Blog"},"content":{"rendered":"<div data-elementor-type=\"wp-page\" data-elementor-id=\"509\" class=\"elementor elementor-509\">\n\t\t\t\t\t\t<section class=\"elementor-section elementor-top-section elementor-element elementor-element-7614c916 elementor-section-height-min-height elementor-section-boxed elementor-section-height-default elementor-section-items-middle\" data-id=\"7614c916\" data-element_type=\"section\" data-e-type=\"section\" data-settings=\"{&quot;background_background&quot;:&quot;classic&quot;}\">\n\t\t\t\t\t\t\t<div class=\"elementor-background-overlay\"><\/div>\n\t\t\t\t\t\t\t<div class=\"elementor-container elementor-column-gap-default\">\n\t\t\t\t\t<div class=\"elementor-column elementor-col-100 elementor-top-column elementor-element elementor-element-28235548\" data-id=\"28235548\" data-element_type=\"column\" data-e-type=\"column\">\n\t\t\t<div class=\"elementor-widget-wrap elementor-element-populated\">\n\t\t\t\t\t\t<div class=\"elementor-element elementor-element-657de7ed elementor-widget elementor-widget-heading\" data-id=\"657de7ed\" data-element_type=\"widget\" data-e-type=\"widget\" data-widget_type=\"heading.default\">\n\t\t\t\t<div class=\"elementor-widget-container\">\n\t\t\t\t\t<h2 class=\"elementor-heading-title elementor-size-default\">Blog<\/h2>\t\t\t\t<\/div>\n\t\t\t\t<\/div>\n\t\t\t\t\t<\/div>\n\t\t<\/div>\n\t\t\t\t\t<\/div>\n\t\t<\/section>\n\t\t\t\t<section class=\"elementor-section elementor-top-section elementor-element elementor-element-5d2f0424 elementor-section-boxed elementor-section-height-default elementor-section-height-default\" data-id=\"5d2f0424\" data-element_type=\"section\" data-e-type=\"section\">\n\t\t\t\t\t\t<div class=\"elementor-container elementor-column-gap-default\">\n\t\t\t\t\t<div class=\"elementor-column elementor-col-100 elementor-top-column elementor-element elementor-element-14016b0f\" data-id=\"14016b0f\" data-element_type=\"column\" data-e-type=\"column\">\n\t\t\t<div class=\"elementor-widget-wrap elementor-element-populated\">\n\t\t\t\t\t\t<div class=\"elementor-element elementor-element-2affd54e elementor-widget elementor-widget-heading\" data-id=\"2affd54e\" data-element_type=\"widget\" data-e-type=\"widget\" data-widget_type=\"heading.default\">\n\t\t\t\t<div class=\"elementor-widget-container\">\n\t\t\t\t\t<h2 class=\"elementor-heading-title elementor-size-default\">Notre actualit\u00e9<\/h2>\t\t\t\t<\/div>\n\t\t\t\t<\/div>\n\t\t\t\t<div class=\"elementor-element elementor-element-4f668775 elementor-widget elementor-widget-heading\" data-id=\"4f668775\" data-element_type=\"widget\" data-e-type=\"widget\" data-widget_type=\"heading.default\">\n\t\t\t\t<div class=\"elementor-widget-container\">\n\t\t\t\t\t<h2 class=\"elementor-heading-title elementor-size-default\">Notre actualit\u00e9<\/h2>\t\t\t\t<\/div>\n\t\t\t\t<\/div>\n\t\t\t\t\t<\/div>\n\t\t<\/div>\n\t\t\t\t\t<\/div>\n\t\t<\/section>\n\t\t\t\t<section class=\"elementor-section elementor-top-section elementor-element elementor-element-ca61aea elementor-section-boxed elementor-section-height-default elementor-section-height-default\" data-id=\"ca61aea\" data-element_type=\"section\" data-e-type=\"section\">\n\t\t\t\t\t\t<div class=\"elementor-container elementor-column-gap-default\">\n\t\t\t\t\t<div class=\"elementor-column elementor-col-100 elementor-top-column elementor-element elementor-element-052b5f8\" data-id=\"052b5f8\" data-element_type=\"column\" data-e-type=\"column\">\n\t\t\t<div class=\"elementor-widget-wrap\">\n\t\t\t\t\t\t\t<\/div>\n\t\t<\/div>\n\t\t\t\t\t<\/div>\n\t\t<\/section>\n\t\t\t\t<section class=\"elementor-section elementor-top-section elementor-element elementor-element-41211bd elementor-section-boxed elementor-section-height-default elementor-section-height-default\" data-id=\"41211bd\" data-element_type=\"section\" data-e-type=\"section\">\n\t\t\t\t\t\t<div class=\"elementor-container elementor-column-gap-default\">\n\t\t\t\t\t<div class=\"elementor-column elementor-col-100 elementor-top-column elementor-element elementor-element-69248e3\" data-id=\"69248e3\" data-element_type=\"column\" data-e-type=\"column\">\n\t\t\t<div class=\"elementor-widget-wrap elementor-element-populated\">\n\t\t\t\t\t\t<div class=\"elementor-element elementor-element-5f345ec elementor-widget elementor-widget-text-editor\" data-id=\"5f345ec\" data-element_type=\"widget\" data-e-type=\"widget\" data-widget_type=\"text-editor.default\">\n\t\t\t\t<div class=\"elementor-widget-container\">\n\t\t\t\t\t\t\t\t\t<p style=\"margin: 0cm; font-size: 12pt; font-family: Calibri, sans-serif; color: #000000; text-align: justify;\"><span style=\"font-size: 11pt; font-family: Montserrat;\">Zurich, 27.05.2024, Panha Van<\/span><\/p><p style=\"margin: 0cm; font-size: 12pt; font-family: Calibri, sans-serif; color: #000000; text-align: justify;\"><b><span style=\"font-size: 11pt; font-family: Montserrat;\">\u00a0<\/span><\/b><\/p><p><strong>Le regroupement familial, obstacle aux soutiens financiers<\/strong><\/p><p>Toute demande de regroupement familial d'un \u00e9tranger souhaitant rejoindre son conjoint en Suisse doit \u00eatre examin\u00e9e par les autorit\u00e9s publiques comp\u00e9tentes. Comme l'exigent les lois f\u00e9d\u00e9rales, de nombreuses exigences l\u00e9gales doivent \u00eatre remplies par les conjoints r\u00e9sidant actuellement en Suisse. L'une d\u2019elles est la responsabilit\u00e9 financi\u00e8re visant \u00e0 garantir que les \u00e9poux r\u00e9sidant en Suisse soient capables de subvenir financi\u00e8rement aux besoins de leur conjoint et des enfants qui l'accompagnent apr\u00e8s leur installation en Suisse, conform\u00e9ment \u00e0 <strong>l'art. 43 \u00e0 45 de la Loi f\u00e9d\u00e9rale sur les \u00e9trangers et l'int\u00e9gration (LEI).<\/strong><\/p><p>Le risque de d\u00e9pendance aux aides sociales en raison du regroupement familial doit \u00eatre soigneusement examin\u00e9 par les offices cantonaux des migrations. Le gouvernement f\u00e9d\u00e9ral accorde \u00e0 chaque office cantonal des migrations le droit, \u00e0 sa seule discr\u00e9tion, de disposer de sa propre m\u00e9thode d'analyse financi\u00e8re de la situation des diff\u00e9rents demandeurs. Par exemple, le canton de Zurich examine normalement la situation financi\u00e8re des candidats au cours des douze derniers mois. En revanche, les examens du canton d'Argovie ne durent que trois mois.<\/p><p>La plupart du temps, les demandes de regroupement familial sont rejet\u00e9es par l'Office cantonal des migrations en raison d'un soutien financier insuffisant et du risque de d\u00e9pendance \u00e0 l'aide sociale. La question juridique qui se pose ici est de savoir s'il est l\u00e9gitime et conforme pour chaque Office cantonal des migrations d'utiliser sa seule discr\u00e9tion, bas\u00e9e sur son propre syst\u00e8me d'analyse financi\u00e8re, pour prendre une d\u00e9cision qui porte atteinte aux droits constitutionnels d'une personne bien prot\u00e9g\u00e9e, notamment le droit au mariage et le droit de fonder une famille.<\/p><p>Pour les demandeurs qui ont des revenus irr\u00e9guliers, qui re\u00e7oivent des indemnit\u00e9s de ch\u00f4mage, ou qui occupent des emplois saisonniers ou instables, la d\u00e9cision est g\u00e9n\u00e9ralement n\u00e9gative. Selon l'interpr\u00e9tation juridique du <strong>D\u00e9partement de s\u00e9curit\u00e9 du canton de Zurich, Service de recours (agissant en qualit\u00e9 de cour d'appel administrative inf\u00e9rieure) dans sa d\u00e9cision n\u00b0 2020.0892 en date du 19 janvier 2021,<\/strong> le Service de recours a interpr\u00e9t\u00e9 que l'Office cantonal des migrations doit r\u00e9examiner la situation actuelle et la derni\u00e8re situation financi\u00e8re du demandeur, plut\u00f4t que de se concentrer sur les revenus ant\u00e9rieurs. D\u00e8s qu\u2019il n\u2019existe aucun danger concret de d\u00e9pendance \u00e0 l\u2019aide sociale, le demandeur ne sera plus d\u00e9pendant de l\u2019aide sociale \u00e0 l\u2019avenir.<\/p><p>Dans le cas o\u00f9 le demandeur a \u00e9t\u00e9 inscrit au registre des poursuites, l'Office cantonal des migrations prend \u00e9galement en consid\u00e9ration les causes des risques financiers de mani\u00e8re globale, la situation financi\u00e8re et les obligations financi\u00e8res de chaque demandeur. Selon <strong>le Tribunal f\u00e9d\u00e9ral suisse dans son jugement n\u00b0 2C_847\/2009 en date du 21 juillet 2010,<\/strong> m\u00eame si les demandeurs \u00e9prouvent certaines difficult\u00e9s \u00e0 remplir leurs obligations financi\u00e8res, y compris celles li\u00e9es \u00e0 leurs activit\u00e9s professionnelles, cela ne suffit pas pour constituer un motif de r\u00e9vocation conform\u00e9ment \u00e0 <strong>l'art. 62 paragraphe E LEI<\/strong> (d\u00e9pendance aux aides sociales).<\/p><h3 class=\"elementor-heading-title elementor-size-small elementor-inline-editing pen\" style=\"font-size: 15px; font-weight: 400; font-family: Montserrat, sans-serif; line-height: var( --e-global-typography-1c00384-line-height ); letter-spacing: normal; text-transform: none; word-spacing: 0px; text-align: justify;\" data-elementor-setting-key=\"title\" data-gramm=\"false\" data-quillbot-element=\"ogIMwodd4KzP2rEI6t2Fq\" data-pen-placeholder=\"Eingabe hier...\"><span style=\"font-weight: var( --e-global-typography-secondary-font-weight ); background-color: var( --e-global-color-01382b0 ); color: var(--nv-text-color);\">&#8212;&#8212;&#8212;&#8212;&#8212;&#8212;&#8212;&#8212;&#8212;&#8212;<\/span><\/h3>\t\t\t\t\t\t\t\t<\/div>\n\t\t\t\t<\/div>\n\t\t\t\t\t<\/div>\n\t\t<\/div>\n\t\t\t\t\t<\/div>\n\t\t<\/section>\n\t\t\t\t<section class=\"elementor-section elementor-top-section elementor-element elementor-element-2491ce9 elementor-section-boxed elementor-section-height-default elementor-section-height-default\" data-id=\"2491ce9\" data-element_type=\"section\" data-e-type=\"section\">\n\t\t\t\t\t\t<div class=\"elementor-container elementor-column-gap-default\">\n\t\t\t\t\t<div class=\"elementor-column elementor-col-100 elementor-top-column elementor-element elementor-element-3f0a7ad\" data-id=\"3f0a7ad\" data-element_type=\"column\" data-e-type=\"column\">\n\t\t\t<div class=\"elementor-widget-wrap elementor-element-populated\">\n\t\t\t\t\t\t<div class=\"elementor-element elementor-element-c16197b elementor-widget elementor-widget-text-editor\" data-id=\"c16197b\" data-element_type=\"widget\" data-e-type=\"widget\" data-widget_type=\"text-editor.default\">\n\t\t\t\t<div class=\"elementor-widget-container\">\n\t\t\t\t\t\t\t\t\t<p style=\"margin: 0cm; font-size: 12pt; font-family: Calibri, sans-serif; color: #000000; text-align: justify;\"><span style=\"font-size: 11pt; font-family: Montserrat;\">Zurich, 04.12.2023, Panha Van<\/span><\/p>\n<p style=\"margin: 0cm; font-size: 12pt; font-family: Calibri, sans-serif; color: #000000; text-align: justify;\"><b><span style=\"font-size: 11pt; font-family: Montserrat;\">&nbsp;<\/span><\/b><\/p>\n<p><strong>Droit au mariage et droit \u00e0 la famille<\/strong><\/p>\n<p class=\"translation-block\"><strong>Le \u00ab mariage de complaisance \u00bb,  <strong> <\/strong>un d\u00e9fi pour l\u2019octroi de titre de s\u00e9jour \u00e0 des ressortissants d\u2019\u00c9tats tiers.<\/strong><\/p>\n<p>Le droit au mariage et le droit de fonder une famille sont des droits fondamentaux reconnus avec un haut degr\u00e9 de protection de la part des juridictions nationales et internationales. Les deux droits fondamentaux sont constitutionnellement garantis par l'article 14 de la Constitution suisse (Cst.) ainsi que par les articles 8 et 12 de la Convention europ\u00e9enne des droits de l'homme (CEDH).<\/p>\n<p>Les ressortissants d\u2019\u00c9tats tiers (hors UE\/AELE) qui souhaitent se marier avec un citoyen suisse ou un \u00e9tranger r\u00e9sidant r\u00e9guli\u00e8rement en Suisse (titulaire d'un permis C et B) sont r\u00e9guli\u00e8rement confront\u00e9s \u00e0 une longue proc\u00e9dure et \u00e0 un examen complexe de la part de l'autorit\u00e9 publique comp\u00e9tente. Toutefois, cette proc\u00e9dure et cet examen sont courants, conform\u00e9ment \u00e0 la loi, et n\u00e9cessaires dans une soci\u00e9t\u00e9 d\u00e9mocratique. La seule possibilit\u00e9 pour les ressortissants d\u2019\u00c9tats tiers de retrouver leur futur conjoint en Suisse pourrait \u00eatre pratiquement \u00ab de jure \u00bb : celle de se marier, mais le mariage doit \u00eatre fond\u00e9 sur des relations conjugales mutuelles et sur la volont\u00e9 de fonder une famille.<\/p>\n<p>Selon l'article 98, alin\u00e9a 4 du Code civil suisse (CC), l'\u00e9tranger doit \u00eatre en possession d'un permis de s\u00e9jour valable pendant la proc\u00e9dure pr\u00e9paratoire au mariage. L'autorit\u00e9 publique comp\u00e9tente d\u00e9livre un permis de s\u00e9jour de courte dur\u00e9e (visa d'entr\u00e9e) une fois que les conditions d'admission au mariage sont clairement remplies et que l'avenir pr\u00e9visible du mariage est manifest\u00e9 conform\u00e9ment \u00e0 l'article 17, paragraphe 2, de la loi f\u00e9d\u00e9rale sur les \u00e9trangers et l'int\u00e9gration (LEI). Cette autorisation a \u00e9t\u00e9 fermement confirm\u00e9e dans l'arr\u00eat du Tribunal f\u00e9d\u00e9ral suisse 2C_349\/2011 du 23 novembre 2011, dans lequel le juge a estim\u00e9 que l'article 98 CC pouvait \u00eatre en contradiction avec l'article 12 CEDH. C'\u00e9tait la premi\u00e8re fois qu'un juge de la Cour supr\u00eame a rendu une jurisprudence visant \u00e0 briser la barri\u00e8re juridique permettant aux \u00e9trangers de se marier facilement en Suisse sans quitter le pays.<\/p>\n<p>Il appartient en principe aux autorit\u00e9s publiques comp\u00e9tentes de prouver le mariage de complaisance (l\u2019article 90 AIG). Les facteurs pouvant laisser soup\u00e7onner que le mariage est une imposture sont g\u00e9n\u00e9ralement appr\u00e9ci\u00e9s par l\u2019autorit\u00e9 publique comp\u00e9tente :<\/p>\n<p><\/p>\n<ul>\n<li>Absence de contribution ad\u00e9quate \u00e0 l'obligation du mariage.<\/li>\n<li>Les circonstances pour faire connaissance.<\/li>\n<li>Courte dur\u00e9e de la connaissance.<\/li>\n<li>Expulsion imminente du demandeur.<\/li>\n<li>Des difficult\u00e9s de communication (langue).<\/li>\n<li>Significatif d'\u00e2ge diff\u00e9rent dans la relation conjugale.<\/li>\n<li>Preuve de relation : communication sur les r\u00e9seaux sociaux et photos.<\/li>\n<li>Le paiement d'une indemnit\u00e9 pour le mariage.<\/li>\n<\/ul><div><br><\/div><div><br><\/div>\n<p>Cependant, le mariage de complaisance est tr\u00e8s peu probable et difficile \u00e0 prouver. Conform\u00e9ment \u00e0 l'arr\u00eat 2C_613\/2019 du 14 novembre 2019 du Tribunal f\u00e9d\u00e9ral suisse, un contre-interrogatoire et une analyse concr\u00e8te doivent \u00eatre effectu\u00e9s par l'autorit\u00e9 publique comp\u00e9tente sur la base de la situation, des preuves concr\u00e8tes, des conclusions sans ambigu\u00eft\u00e9 et des faits r\u00e9els.<\/p>\n<p>L'arr\u00eat 2C_491\/2022 du Tribunal f\u00e9d\u00e9ral suisse du 17 novembre 2022 a interpr\u00e9t\u00e9 que l'autorit\u00e9 publique comp\u00e9tente doit examiner la volont\u00e9 concr\u00e8te, les souhaits communs et l'engagement fort du couple \u00e0 vivre ensemble \u00e0 l'avenir, afin d'\u00e9tablir une cohabitation \u00e0 long terme \u00e9conomique bas\u00e9 sur l\u2019affection physique et \u00e9motionnelle, l\u2019amour et la connexion spirituelle. Le contr\u00f4le apr\u00e8s le mariage peut \u00eatre supervis\u00e9 par les autorit\u00e9s locales.<\/p>\n<p>D'une mani\u00e8re g\u00e9n\u00e9rale, on pourrait affirmer que, bien que l'on puisse identifier divers indices pouvant indiquer un mariage de complaisance planifi\u00e9, pris dans leur ensemble, ces conclusions ambigu\u00ebs ne r\u00e9futent pas de mani\u00e8re juridiquement suffisante l'existence d'un d\u00e9sir r\u00e9el de se marier d\u00e8s le couple.<\/p>\n<h3 class=\"elementor-heading-title elementor-size-small elementor-inline-editing pen\" style=\"font-size: 15px; font-weight: 400; font-family: Montserrat, sans-serif; line-height: var( --e-global-typography-1c00384-line-height ); letter-spacing: normal; text-transform: none; word-spacing: 0px; text-align: justify;\" data-elementor-setting-key=\"title\" data-gramm=\"false\" data-quillbot-element=\"ogIMwodd4KzP2rEI6t2Fq\" data-pen-placeholder=\"Eingabe hier...\"><span style=\"font-weight: var( --e-global-typography-secondary-font-weight ); background-color: var( --e-global-color-01382b0 ); color: var(--nv-text-color);\">&#8212;&#8212;&#8212;&#8212;&#8212;&#8212;&#8212;&#8212;&#8212;&#8212;<\/span><\/h3>\t\t\t\t\t\t\t\t<\/div>\n\t\t\t\t<\/div>\n\t\t\t\t\t<\/div>\n\t\t<\/div>\n\t\t\t\t\t<\/div>\n\t\t<\/section>\n\t\t\t\t<section class=\"elementor-section elementor-top-section elementor-element elementor-element-730fd33 elementor-section-boxed elementor-section-height-default elementor-section-height-default\" data-id=\"730fd33\" data-element_type=\"section\" data-e-type=\"section\">\n\t\t\t\t\t\t<div class=\"elementor-container elementor-column-gap-default\">\n\t\t\t\t\t<div class=\"elementor-column elementor-col-100 elementor-top-column elementor-element elementor-element-b509bc8\" data-id=\"b509bc8\" data-element_type=\"column\" data-e-type=\"column\">\n\t\t\t<div class=\"elementor-widget-wrap elementor-element-populated\">\n\t\t\t\t\t\t<div class=\"elementor-element elementor-element-e3ec7c4 elementor-widget elementor-widget-text-editor\" data-id=\"e3ec7c4\" data-element_type=\"widget\" data-e-type=\"widget\" data-widget_type=\"text-editor.default\">\n\t\t\t\t<div class=\"elementor-widget-container\">\n\t\t\t\t\t\t\t\t\t<p style=\"margin: 0cm; font-size: 12pt; font-family: Calibri, sans-serif; color: #000000; text-align: justify;\"><span style=\"font-size: 11pt; font-family: Montserrat;\">Zurich, 01.05.2023, Panha Van<\/span><\/p><p style=\"margin: 0cm; font-size: 12pt; font-family: Calibri, sans-serif; color: #000000; text-align: justify;\"><b><span style=\"font-size: 11pt; font-family: Montserrat;\">\u00a0<\/span><\/b><\/p><p style=\"margin: 0cm; font-size: 12pt; font-family: Calibri, sans-serif; color: #000000; text-align: justify;\"><b><span style=\"font-size: 11pt; font-family: Montserrat;\">Permis de travail:\u00a0<\/span><\/b><\/p><p style=\"margin: 0cm; font-size: 12pt; font-family: Calibri, sans-serif; color: #000000; text-align: justify;\"><b><span style=\"font-size: 11pt; font-family: Montserrat;\">R\u00e9glementation des permis de travail pour les ressortissants d\u2019\u00c9tats tiers<\/span><\/b><span style=\"font-size: 11pt; font-family: Montserrat;\"> <b>(non-membres de l\u2019UE ou de l\u2019AELE):<\/b><\/span><\/p><p style=\"margin: 0cm; font-size: 12pt; font-family: Calibri, sans-serif; color: #000000; text-align: justify;\"><span style=\"font-size: 11pt; font-family: Montserrat;\">\u00a0<\/span><\/p><p style=\"margin: 0cm; font-size: 12pt; font-family: Calibri, sans-serif; color: #000000; text-align: justify;\"><span style=\"font-size: 11pt; font-family: Montserrat;\">La Suisse reste l'un des pays les plus attractifs pour les travailleurs hautement qualifi\u00e9s, en raison de son niveau de vie \u00e9lev\u00e9, de ses offres salariales importantes et de sa comp\u00e9titivit\u00e9 \u00e9conomique. Cependant, la Suisse impose des mesures tr\u00e8s restrictives et un quota limit\u00e9 de permis de travail aux employeurs souhaitant faire venir des ressortissants d\u2019\u00c9tats tiers. Selon la loi f\u00e9d\u00e9rale sur les \u00e9trangers et l'int\u00e9gration (LEI), les conditions l\u00e9gales suivantes doivent \u00eatre remplies :<\/span><\/p><p style=\"margin: 0cm; font-size: 12pt; font-family: Calibri, sans-serif; color: #000000; text-align: justify;\"><span style=\"font-size: 11pt; font-family: Montserrat;\">\u00a0<\/span><\/p><ul><li><span style=\"background-color: var( --e-global-color-01382b0 ); color: var(--nv-text-color); font-family: Montserrat; font-size: 11pt; font-weight: var(--bodyfontweight); letter-spacing: var(--bodyletterspacing); text-indent: -36pt; text-transform: var(--bodytexttransform);\">Le poste vacant doit contribuer aux int\u00e9r\u00eats \u00e9conomiques de la Suisse (art. 18 LEI).<\/span><\/li><li><span style=\"background-color: var( --e-global-color-01382b0 ); color: var(--nv-text-color); font-family: Montserrat; font-size: 11pt; font-weight: var(--bodyfontweight); letter-spacing: var(--bodyletterspacing); text-indent: -36pt; text-transform: var(--bodytexttransform);\">L'employeur doit respecter les exigences prioritaires. Cela signifie que l'employeur doit prouver qu'il n'a pas trouv\u00e9 de travailleurs nationaux (Suisses, ressortissants de l'UE\/AELE et \u00e9trangers admis \u00e0 titre provisoire) (art. 21 LEI).<\/span><\/li><li><span style=\"background-color: var( --e-global-color-01382b0 ); font-family: Montserrat; font-size: 11pt; font-weight: var(--bodyfontweight); letter-spacing: var(--bodyletterspacing); text-indent: -36pt; text-transform: var(--bodytexttransform); color: var(--nv-text-color);\">Les ressortissants d\u2019\u00c9tats tiers doivent \u00eatre des travailleurs qualifi\u00e9s (cadres, sp\u00e9cialistes ou autres travailleurs qualifi\u00e9s) sur la base d'une formation acad\u00e9mique et d'une exp\u00e9rience professionnelle (art. 23 LEI).<\/span><\/li><li><span style=\"background-color: var( --e-global-color-01382b0 ); font-family: Montserrat; font-size: 11pt; font-weight: var(--bodyfontweight); letter-spacing: var(--bodyletterspacing); text-indent: -36pt; text-transform: var(--bodytexttransform); color: var(--nv-text-color);\">La r\u00e9mun\u00e9ration doit \u00eatre \u00e9quivalente au salaire conventionnel suisse (art. 22 LEI).<\/span><\/li><\/ul><p style=\"margin: 0cm; font-size: 12pt; font-family: Calibri, sans-serif; color: #000000; text-align: justify;\"><span style=\"font-size: 11pt; font-family: Montserrat;\">\u00a0<\/span><\/p><p style=\"margin: 0cm; font-size: 12pt; font-family: Calibri, sans-serif; color: #000000; text-align: justify;\"><span style=\"font-size: 11pt; font-family: Montserrat;\">Il existe cependant quelques exceptions pour faciliter la proc\u00e9dure d'obtention d'un permis de travail. N'h\u00e9sitez pas \u00e0 nous contacter pour toutes demandes ou conseils.<\/span><\/p><h3 class=\"elementor-heading-title elementor-size-small elementor-inline-editing pen\" style=\"font-size: 15px; font-weight: 400; font-family: Montserrat, sans-serif; line-height: var( --e-global-typography-1c00384-line-height ); letter-spacing: normal; text-transform: none; word-spacing: 0px; text-align: justify;\" data-elementor-setting-key=\"title\" data-gramm=\"false\" data-quillbot-element=\"ogIMwodd4KzP2rEI6t2Fq\" data-pen-placeholder=\"Eingabe hier...\"><span style=\"font-weight: var( --e-global-typography-secondary-font-weight ); background-color: var( --e-global-color-01382b0 ); color: var(--nv-text-color);\">&#8212;&#8212;&#8212;&#8212;&#8212;&#8212;&#8212;&#8212;&#8212;&#8212;<\/span><\/h3>\t\t\t\t\t\t\t\t<\/div>\n\t\t\t\t<\/div>\n\t\t\t\t\t<\/div>\n\t\t<\/div>\n\t\t\t\t\t<\/div>\n\t\t<\/section>\n\t\t\t\t<section class=\"elementor-section elementor-top-section elementor-element elementor-element-97e270b elementor-section-boxed elementor-section-height-default elementor-section-height-default\" data-id=\"97e270b\" data-element_type=\"section\" data-e-type=\"section\">\n\t\t\t\t\t\t<div class=\"elementor-container elementor-column-gap-default\">\n\t\t\t\t\t<div class=\"elementor-column elementor-col-100 elementor-top-column elementor-element elementor-element-f944fb4\" data-id=\"f944fb4\" data-element_type=\"column\" data-e-type=\"column\">\n\t\t\t<div class=\"elementor-widget-wrap elementor-element-populated\">\n\t\t\t\t\t\t<div class=\"elementor-element elementor-element-c2f61b5 elementor-widget elementor-widget-heading\" data-id=\"c2f61b5\" data-element_type=\"widget\" data-e-type=\"widget\" data-widget_type=\"heading.default\">\n\t\t\t\t<div class=\"elementor-widget-container\">\n\t\t\t\t\t<h3 class=\"elementor-heading-title elementor-size-small\"><br><br>Zurich, 14.02.2023, Panha Van<br><br><b>Le Conseil f\u00e9d\u00e9ral suisse assouplit les restrictions en mati\u00e8re de permis de travail pour rem\u00e9dier \u00e0 la p\u00e9nurie de travailleurs qualifi\u00e9s<\/b><br><br><p style=\"margin: 0cm;font-size: 12pt;font-family: Calibri, sans-serif;white-space: normal\"><span style=\"font-size: 11pt;font-family: Montserrat\">En r\u00e9ponse \u00e0 la p\u00e9nurie de travailleurs qualifi\u00e9s dans certains secteurs, le Conseil f\u00e9d\u00e9ral suisse a simplifi\u00e9 les restrictions \u00e0 la d\u00e9livrance de quotas de permis de travail aux ressortissants de pays tiers pour les sp\u00e9cialit\u00e9s suivantes :<\/span><\/p><p style=\"margin: 0cm;font-size: 12pt;font-family: Calibri, sans-serif;white-space: normal\"><span style=\"font-size: 11pt;font-family: Montserrat\">&nbsp;<\/span><\/p><p style=\"margin: 0cm 0cm 0cm 36pt;font-size: 12pt;font-family: Calibri, sans-serif;text-align: start;white-space: normal;text-indent: -18pt\"><span style=\"font-size: 11pt\">-<span style=\"font-stretch: normal;font-size: 7pt;line-height: normal;font-family: &quot;Times New Roman&quot;\">&nbsp;&nbsp;&nbsp;&nbsp;&nbsp;&nbsp;&nbsp; <\/span><\/span><span style=\"font-size: 11pt;font-family: Montserrat\">Ing\u00e9nierie, sciences, recherche en math\u00e9matiques et technologie.<\/span><\/p><p style=\"margin: 0cm 0cm 0cm 36pt;font-size: 12pt;font-family: Calibri, sans-serif;text-align: start;white-space: normal;text-indent: -18pt\"><span style=\"font-size: 11pt\">-<span style=\"font-stretch: normal;font-size: 7pt;line-height: normal;font-family: &quot;Times New Roman&quot;\">&nbsp;&nbsp;&nbsp;&nbsp;&nbsp;&nbsp;&nbsp; <\/span><\/span><span style=\"font-size: 11pt;font-family: Montserrat\">Fonctions de cadre sup\u00e9rieur dans les services financiers, les technologies de l'information et de la communication, le conseil en gestion, l'industrie m\u00e9canique, \u00e9lectrique et m\u00e9tallurgique, la production de produits chimiques, pharmaceutiques et alimentaires.<\/span><\/p><p style=\"margin: 0cm 0cm 0cm 36pt;font-size: 12pt;font-family: Calibri, sans-serif;text-align: start;white-space: normal;text-indent: -18pt\"><span style=\"font-size: 11pt\">-<span style=\"font-stretch: normal;font-size: 7pt;line-height: normal;font-family: &quot;Times New Roman&quot;\">&nbsp;&nbsp;&nbsp;&nbsp;&nbsp;&nbsp;&nbsp; <\/span><\/span><span style=\"font-size: 11pt;font-family: Montserrat\">Professions de la sant\u00e9.<\/span><\/p><p style=\"margin: 0cm 0cm 0cm 36pt;font-size: 12pt;font-family: Calibri, sans-serif;text-align: start;white-space: normal;text-indent: -18pt\"><span style=\"font-size: 11pt\">-<span style=\"font-stretch: normal;font-size: 7pt;line-height: normal;font-family: &quot;Times New Roman&quot;\">&nbsp;&nbsp;&nbsp;&nbsp;&nbsp;&nbsp;&nbsp; <\/span><\/span><span style=\"font-size: 11pt;font-family: Montserrat\">Carri\u00e8res acad\u00e9miques : personnel enseignant \u00e0 l'universit\u00e9.<\/span><\/p><p style=\"margin: 0cm;font-size: 12pt;font-family: Calibri, sans-serif;white-space: normal\"><span style=\"font-size: 11pt;font-family: Montserrat\">&nbsp;<\/span><\/p><p style=\"margin: 0cm;font-size: 12pt;font-family: Calibri, sans-serif;white-space: normal\"><span style=\"font-size: 11pt;font-family: Montserrat\">Les conditions l\u00e9gales suivantes ont \u00e9t\u00e9 assouplies :<\/span><\/p><p style=\"margin: 0cm;font-size: 12pt;font-family: Calibri, sans-serif;white-space: normal\"><span style=\"font-size: 11pt;font-family: Montserrat\">&nbsp;<\/span><\/p><p style=\"margin: 0cm 0cm 0cm 36pt;font-size: 12pt;font-family: Calibri, sans-serif;text-align: start;white-space: normal;text-indent: -18pt\"><span style=\"font-size: 11pt\">-<span style=\"font-stretch: normal;font-size: 7pt;line-height: normal;font-family: &quot;Times New Roman&quot;\">&nbsp;&nbsp;&nbsp;&nbsp;&nbsp;&nbsp;&nbsp; <\/span><\/span><span style=\"font-size: 11pt;font-family: Montserrat\">Le test du march\u00e9 du travail ne serait plus exig\u00e9 pour les professions \u00e9num\u00e9r\u00e9es ci-dessus.<\/span><\/p><p style=\"margin: 0cm 0cm 0cm 36pt;font-size: 12pt;font-family: Calibri, sans-serif;text-align: start;white-space: normal;text-indent: -18pt\"><span style=\"font-size: 11pt\">-<span style=\"font-stretch: normal;font-size: 7pt;line-height: normal;font-family: &quot;Times New Roman&quot;\">&nbsp;&nbsp;&nbsp;&nbsp;&nbsp;&nbsp;&nbsp; <\/span><\/span><span style=\"font-size: 11pt;font-family: Montserrat\">Certains postes pourraient \u00eatre dispens\u00e9s de l\u2019exigence d\u2019une formation universitaire.<\/span><\/p><p style=\"margin: 0cm 0cm 0cm 36pt;font-size: 12pt;font-family: Calibri, sans-serif;text-align: start;white-space: normal;text-indent: -18pt\"><span style=\"font-size: 11pt\">-<span style=\"font-stretch: normal;font-size: 7pt;line-height: normal;font-family: &quot;Times New Roman&quot;\">&nbsp;&nbsp;&nbsp;&nbsp;&nbsp;&nbsp;&nbsp; <\/span><\/span><span style=\"font-size: 11pt;font-family: Montserrat\">Les titulaires d'un permis B sans restriction pourraient demander \u00e0 exercer une activit\u00e9 ind\u00e9pendante par le biais d'une proc\u00e9dure facilit\u00e9e.<\/span><\/p><p style=\"margin: 0cm;font-size: 12pt;font-family: Calibri, sans-serif;white-space: normal\"><span style=\"font-size: 11pt;font-family: Montserrat\">&nbsp;<\/span><\/p><p style=\"margin: 0cm;font-size: 12pt;font-family: Calibri, sans-serif;white-space: normal\"><span style=\"font-size: 11pt;font-family: Montserrat\">Pour plus d'informations, n'h\u00e9sitez pas \u00e0 nous contacter.<\/span><\/p><br><span style=\"font-weight: var( --e-global-typography-secondary-font-weight );background-color: var( --e-global-color-01382b0 );color: var(--nv-text-color)\">------------------------------<\/span><\/h3>\t\t\t\t<\/div>\n\t\t\t\t<\/div>\n\t\t\t\t\t<\/div>\n\t\t<\/div>\n\t\t\t\t\t<\/div>\n\t\t<\/section>\n\t\t\t\t<section class=\"elementor-section elementor-top-section elementor-element elementor-element-67c7c2b elementor-section-boxed elementor-section-height-default elementor-section-height-default\" data-id=\"67c7c2b\" data-element_type=\"section\" data-e-type=\"section\">\n\t\t\t\t\t\t<div class=\"elementor-container elementor-column-gap-default\">\n\t\t\t\t\t<div class=\"elementor-column elementor-col-100 elementor-top-column elementor-element elementor-element-1df4e42\" data-id=\"1df4e42\" data-element_type=\"column\" data-e-type=\"column\">\n\t\t\t<div class=\"elementor-widget-wrap elementor-element-populated\">\n\t\t\t\t\t\t<div class=\"elementor-element elementor-element-c889116 elementor-widget elementor-widget-heading\" data-id=\"c889116\" data-element_type=\"widget\" data-e-type=\"widget\" data-widget_type=\"heading.default\">\n\t\t\t\t<div class=\"elementor-widget-container\">\n\t\t\t\t\t<h3 class=\"elementor-heading-title elementor-size-small\"><br><br>Z\u00fcrich, 10.01.2023, Panha Van<br><br><b>Les taux de permis de travail pour 2023<\/b><br><br>Le Conseil f\u00e9d\u00e9ral a publi\u00e9 les quotas de permis de travail pour 2023 comme suit: <br><br><b>Ressortissants de pays tiers : <\/b><br>-4'000 pour le permis L<br>-4'500 pour le permis B<br><br><b>Ressortissants UE\/AELE transfrontaliers : <\/b><br>-3'000 pour le permis L<br>-500 pour le permis B<br><br><b>Ressortissants britanniques : <\/b><br>-1'400 pour le permis L<br>-2'100 pour le permis B<br><br>Les quotas de permis de travail sont attribu\u00e9s au niveaux f\u00e9d\u00e9ral et cantonal. En cas de besoin particulier, un quota suppl\u00e9mentaire pourra en outre \u00e9mis par le gouvernement f\u00e9d\u00e9ral. <br><br>Source: https:\/\/www.admin.ch\/gov\/de\/start\/dokumentation\/medienmitteilungen.msg-id-86043.html<br><br><span style=\"font-weight: var( --e-global-typography-secondary-font-weight );background-color: var( --e-global-color-01382b0 );color: var(--nv-text-color)\">------------------------------<\/span><\/h3>\t\t\t\t<\/div>\n\t\t\t\t<\/div>\n\t\t\t\t\t<\/div>\n\t\t<\/div>\n\t\t\t\t\t<\/div>\n\t\t<\/section>\n\t\t\t\t<section class=\"elementor-section elementor-top-section elementor-element elementor-element-2b74071 elementor-section-boxed elementor-section-height-default elementor-section-height-default\" data-id=\"2b74071\" data-element_type=\"section\" data-e-type=\"section\">\n\t\t\t\t\t\t<div class=\"elementor-container elementor-column-gap-default\">\n\t\t\t\t\t<div class=\"elementor-column elementor-col-100 elementor-top-column elementor-element elementor-element-0b94ee1\" data-id=\"0b94ee1\" data-element_type=\"column\" data-e-type=\"column\">\n\t\t\t<div class=\"elementor-widget-wrap elementor-element-populated\">\n\t\t\t\t\t\t<div class=\"elementor-element elementor-element-4c300cd elementor-widget elementor-widget-heading\" data-id=\"4c300cd\" data-element_type=\"widget\" data-e-type=\"widget\" data-widget_type=\"heading.default\">\n\t\t\t\t<div class=\"elementor-widget-container\">\n\t\t\t\t\t<h3 class=\"elementor-heading-title elementor-size-small\"><br><br>Z\u00fcrich, 23.11.2022, Panha Van\n<br><br><b>\u00ab La clause de sauvegarde de la Croatie sur le march\u00e9 du travail suisse \u00bb<\/b><br><br>Le 16 novembre 2022, le Conseil f\u00e9d\u00e9ral suisse a d\u00e9cid\u00e9 unilat\u00e9ralement d'invoquer la clause de sauvegarde pour la Croatie en 2023. Conform\u00e9ment aux dispositions l\u00e9gales, la Suisse d\u00e9bloquera des quotas de permis de travail pour les ressortissants croates \u00e0 partir du 01 janvier 2023 \u00e0 1'150 pour le permis B et 1' 007 pour le permis L. \u00c9tonnamment, cette d\u00e9cision a \u00e9t\u00e9 prise moins d'un an apr\u00e8s que les Croates ont obtenu un acc\u00e8s illimit\u00e9 au march\u00e9 du travail suisse pour la premi\u00e8re fois en 2022.<br><br>La Suisse utilise les instruments \u00e0 sa disposition pour contr\u00f4ler les mouvements d'immigration car les arriv\u00e9es de Croates ont \"fortement augment\u00e9\", d\u00e9passant un seuil d\u00e9fini dans l'Accord sur la libre circulation des personnes (ALCP).<br><br>Source : https:\/\/www.sem.admin.ch\/sem\/fr\/home.html<br><br>------------------------------<\/h3>\t\t\t\t<\/div>\n\t\t\t\t<\/div>\n\t\t\t\t\t<\/div>\n\t\t<\/div>\n\t\t\t\t\t<\/div>\n\t\t<\/section>\n\t\t\t\t<\/div>","protected":false},"excerpt":{"rendered":"<p>Blog Unsere News Unsere letzten Neuigkeiten Z\u00fcrich, 27.05.2024, Panha Van \u00a0 Familienzusammenf\u00fchrung, Hindernis f\u00fcr finanzielle Unterst\u00fctzung Alle Antr\u00e4ge auf Familienzusammenf\u00fchrung von Ausl\u00e4nderinnen und Ausl\u00e4ndern, die mit ihrem Ehegatten in der Schweiz zusammenziehen m\u00f6chten, m\u00fcssen von den zust\u00e4ndigen Beh\u00f6rden gepr\u00fcft werden. Es gibt viele gesetzliche Anforderungen, die erf\u00fcllt werden m\u00fcssen. Dazu geh\u00f6rt die finanzielle Verantwortung sicherzustellen,&hellip;&nbsp;<a href=\"https:\/\/www.vanconsulting.ch\/fr\/blog\/\" class=\"\" rel=\"bookmark\">Lire la suite &raquo;<span class=\"screen-reader-text\">Blog<\/span><\/a><\/p>","protected":false},"author":1,"featured_media":0,"parent":0,"menu_order":5,"comment_status":"closed","ping_status":"closed","template":"page-templates\/template-pagebuilder-full-width.php","meta":{"neve_meta_sidebar":"","neve_meta_container":"","neve_meta_enable_content_width":"","neve_meta_content_width":0,"neve_meta_title_alignment":"","neve_meta_author_avatar":"","neve_post_elements_order":"","neve_meta_disable_header":"","neve_meta_disable_footer":"","neve_meta_disable_title":"","footnotes":""},"class_list":["post-509","page","type-page","status-publish","hentry"],"_links":{"self":[{"href":"https:\/\/www.vanconsulting.ch\/fr\/wp-json\/wp\/v2\/pages\/509","targetHints":{"allow":["GET"]}}],"collection":[{"href":"https:\/\/www.vanconsulting.ch\/fr\/wp-json\/wp\/v2\/pages"}],"about":[{"href":"https:\/\/www.vanconsulting.ch\/fr\/wp-json\/wp\/v2\/types\/page"}],"author":[{"embeddable":true,"href":"https:\/\/www.vanconsulting.ch\/fr\/wp-json\/wp\/v2\/users\/1"}],"replies":[{"embeddable":true,"href":"https:\/\/www.vanconsulting.ch\/fr\/wp-json\/wp\/v2\/comments?post=509"}],"version-history":[{"count":118,"href":"https:\/\/www.vanconsulting.ch\/fr\/wp-json\/wp\/v2\/pages\/509\/revisions"}],"predecessor-version":[{"id":745,"href":"https:\/\/www.vanconsulting.ch\/fr\/wp-json\/wp\/v2\/pages\/509\/revisions\/745"}],"wp:attachment":[{"href":"https:\/\/www.vanconsulting.ch\/fr\/wp-json\/wp\/v2\/media?parent=509"}],"curies":[{"name":"wp","href":"https:\/\/api.w.org\/{rel}","templated":true}]}}